{"id":15,"date":"2021-11-30T13:28:26","date_gmt":"2021-11-30T13:28:26","guid":{"rendered":"https:\/\/marie-theresemaeder.com\/?page_id=15"},"modified":"2026-03-05T10:31:53","modified_gmt":"2026-03-05T10:31:53","slug":"marie-therese-maeder","status":"publish","type":"page","link":"https:\/\/marie-theresemaeder.com\/en\/","title":{"rendered":"Marie-Therese M\u00e4der"},"content":{"rendered":"\t\t<div data-elementor-type=\"wp-page\" data-elementor-id=\"15\" class=\"elementor elementor-15\" data-elementor-post-type=\"page\">\n\t\t\t\t\t\t<section class=\"elementor-section elementor-top-section elementor-element elementor-element-423bcb44 elementor-section-boxed elementor-section-height-default elementor-section-height-default\" data-id=\"423bcb44\" data-element_type=\"section\" data-e-type=\"section\">\n\t\t\t\t\t\t<div class=\"elementor-container elementor-column-gap-default\">\n\t\t\t\t\t<div class=\"elementor-column elementor-col-50 elementor-top-column elementor-element elementor-element-6e6c80b9\" data-id=\"6e6c80b9\" data-element_type=\"column\" data-e-type=\"column\">\n\t\t\t<div class=\"elementor-widget-wrap elementor-element-populated\">\n\t\t\t\t\t\t<div class=\"elementor-element elementor-element-4ad2165 elementor-widget elementor-widget-image\" data-id=\"4ad2165\" data-element_type=\"widget\" data-e-type=\"widget\" data-widget_type=\"image.default\">\n\t\t\t\t<div class=\"elementor-widget-container\">\n\t\t\t\t\t\t\t\t\t\t\t\t\t\t\t<img decoding=\"async\" src=\"https:\/\/marie-theresemaeder.com\/wp-content\/uploads\/2021\/12\/IMG_1899-1-scaled.jpeg\" title=\"IMG_1899-1\" alt=\"IMG_1899-1\" loading=\"lazy\" \/>\t\t\t\t\t\t\t\t\t\t\t\t\t\t\t<\/div>\n\t\t\t\t<\/div>\n\t\t\t\t\t<\/div>\n\t\t<\/div>\n\t\t\t\t<div class=\"elementor-column elementor-col-50 elementor-top-column elementor-element elementor-element-998d9d1\" data-id=\"998d9d1\" data-element_type=\"column\" data-e-type=\"column\">\n\t\t\t<div class=\"elementor-widget-wrap elementor-element-populated\">\n\t\t\t\t\t\t<div class=\"elementor-element elementor-element-4b06676 elementor-widget elementor-widget-heading\" data-id=\"4b06676\" data-element_type=\"widget\" data-e-type=\"widget\" data-widget_type=\"heading.default\">\n\t\t\t\t<div class=\"elementor-widget-container\">\n\t\t\t\t\t<h2 class=\"elementor-heading-title elementor-size-default\">Marie-Therese M\u00e4der<\/h2>\t\t\t\t<\/div>\n\t\t\t\t<\/div>\n\t\t\t\t<div class=\"elementor-element elementor-element-645b8e4 elementor-widget elementor-widget-heading\" data-id=\"645b8e4\" data-element_type=\"widget\" data-e-type=\"widget\" data-widget_type=\"heading.default\">\n\t\t\t\t<div class=\"elementor-widget-container\">\n\t\t\t\t\t<h4 class=\"elementor-heading-title elementor-size-default\">Kultur-und Religionswissenschaftlerin, Medienethikerin<\/h4>\t\t\t\t<\/div>\n\t\t\t\t<\/div>\n\t\t\t\t<div class=\"elementor-element elementor-element-e1b65b6 elementor-widget elementor-widget-text-editor\" data-id=\"e1b65b6\" data-element_type=\"widget\" data-e-type=\"widget\" data-widget_type=\"text-editor.default\">\n\t\t\t\t<div class=\"elementor-widget-container\">\n\t\t\t\t\t\t\t\t\t<h6>In vielf\u00e4ltiger Weise setze ich mich mit den Bereichen Wissenschaft, Kultur, Medien und Politik auseinander.<\/h6>\t\t\t\t\t\t\t\t<\/div>\n\t\t\t\t<\/div>\n\t\t\t\t<div class=\"elementor-element elementor-element-0d4a6eb elementor-widget elementor-widget-text-editor\" data-id=\"0d4a6eb\" data-element_type=\"widget\" data-e-type=\"widget\" data-widget_type=\"text-editor.default\">\n\t\t\t\t<div class=\"elementor-widget-container\">\n\t\t\t\t\t\t\t\t\t<p>Ich lehre, forsche und trete \u00f6ffentlich auf. Mit meinen Projekten bringe ich mich sowohl in wissenschaftlich wie auch gesellschaftlich relevante Diskussionen ein. <a href=\"http:\/\/www.promising-images.eu\">2022 gewann ich eine Marie Sk\u0142odowska Curie Fellowship (EU Horizon 2020, 24 Monate<\/a>) f\u00fcr eine interdisziplin\u00e4re Forschung zu Hochzeiten und Medien. Siehe <a href=\"http:\/\/www.promising-images.eu\">www.promising-images.eu<\/a>.<\/p>\t\t\t\t\t\t\t\t<\/div>\n\t\t\t\t<\/div>\n\t\t\t\t\t<\/div>\n\t\t<\/div>\n\t\t\t\t\t<\/div>\n\t\t<\/section>\n\t\t\t\t<section class=\"elementor-section elementor-top-section elementor-element elementor-element-89b7612 elementor-section-boxed elementor-section-height-default elementor-section-height-default\" data-id=\"89b7612\" data-element_type=\"section\" data-e-type=\"section\">\n\t\t\t\t\t\t<div class=\"elementor-container elementor-column-gap-default\">\n\t\t\t\t\t<div class=\"elementor-column elementor-col-100 elementor-top-column elementor-element elementor-element-bf2a6dc\" data-id=\"bf2a6dc\" data-element_type=\"column\" data-e-type=\"column\">\n\t\t\t<div class=\"elementor-widget-wrap elementor-element-populated\">\n\t\t\t\t\t\t<div class=\"elementor-element elementor-element-c61a3f7 elementor-widget elementor-widget-heading\" data-id=\"c61a3f7\" data-element_type=\"widget\" data-e-type=\"widget\" data-widget_type=\"heading.default\">\n\t\t\t\t<div class=\"elementor-widget-container\">\n\t\t\t\t\t<h4 class=\"elementor-heading-title elementor-size-default\">Aktuelles<\/h4>\t\t\t\t<\/div>\n\t\t\t\t<\/div>\n\t\t\t\t\t<\/div>\n\t\t<\/div>\n\t\t\t\t\t<\/div>\n\t\t<\/section>\n\t\t\t\t<section class=\"elementor-section elementor-top-section elementor-element elementor-element-57fc554 elementor-section-boxed elementor-section-height-default elementor-section-height-default\" data-id=\"57fc554\" data-element_type=\"section\" data-e-type=\"section\">\n\t\t\t\t\t\t<div class=\"elementor-container elementor-column-gap-default\">\n\t\t\t\t\t<div class=\"elementor-column elementor-col-50 elementor-top-column elementor-element elementor-element-aa72422\" data-id=\"aa72422\" data-element_type=\"column\" data-e-type=\"column\">\n\t\t\t<div class=\"elementor-widget-wrap elementor-element-populated\">\n\t\t\t\t\t\t<div class=\"elementor-element elementor-element-7c78a47 elementor-widget elementor-widget-image\" data-id=\"7c78a47\" data-element_type=\"widget\" data-e-type=\"widget\" data-widget_type=\"image.default\">\n\t\t\t\t<div class=\"elementor-widget-container\">\n\t\t\t\t\t\t\t\t\t\t\t\t\t\t\t<img decoding=\"async\" src=\"https:\/\/marie-theresemaeder.com\/wp-content\/uploads\/elementor\/thumbs\/True-Grit-01_45_48-rhl607otijutye5e3jjtruzdfa3k3xt65t25qjjs54.jpeg\" title=\"True Grit 01_45_48\" alt=\"True Grit 01_45_48\" loading=\"lazy\" \/>\t\t\t\t\t\t\t\t\t\t\t\t\t\t\t<\/div>\n\t\t\t\t<\/div>\n\t\t\t\t<div class=\"elementor-element elementor-element-abfbb5b elementor-widget elementor-widget-text-editor\" data-id=\"abfbb5b\" data-element_type=\"widget\" data-e-type=\"widget\" data-widget_type=\"text-editor.default\">\n\t\t\t\t<div class=\"elementor-widget-container\">\n\t\t\t\t\t\t\t\t\t<p><br \/><span dir=\"ltr\" style=\"color: transparent; background-color: #ffffff; left: 167.16px; top: 322.649px; font-size: 8px; font-family: sans-serif; transform: scaleX(0.826718); position: absolute; display: block; transform-origin: 0px 0px; white-space: pre;\">1).<\/span><\/p>\t\t\t\t\t\t\t\t<\/div>\n\t\t\t\t<\/div>\n\t\t\t\t<div class=\"elementor-element elementor-element-6c0845c elementor-align-right elementor-widget elementor-widget-button\" data-id=\"6c0845c\" data-element_type=\"widget\" data-e-type=\"widget\" data-widget_type=\"button.default\">\n\t\t\t\t<div class=\"elementor-widget-container\">\n\t\t\t\t\t\t\t\t\t<div class=\"elementor-button-wrapper\">\n\t\t\t\t\t<a class=\"elementor-button elementor-button-link elementor-size-sm\" href=\"https:\/\/www.paulusakademie.ch\/programm\/?eid=42505&#038;event-title=Ich%2C+Du+und+dazwischen+das+gelobte+Land+%E2%80%93+30.04.2026\">\n\t\t\t\t\t\t<span class=\"elementor-button-content-wrapper\">\n\t\t\t\t\t\t\t\t\t<span class=\"elementor-button-text\">Website<\/span>\n\t\t\t\t\t<\/span>\n\t\t\t\t\t<\/a>\n\t\t\t\t<\/div>\n\t\t\t\t\t\t\t\t<\/div>\n\t\t\t\t<\/div>\n\t\t\t\t\t<\/div>\n\t\t<\/div>\n\t\t\t\t<div class=\"elementor-column elementor-col-50 elementor-top-column elementor-element elementor-element-d4bc62e\" data-id=\"d4bc62e\" data-element_type=\"column\" data-e-type=\"column\">\n\t\t\t<div class=\"elementor-widget-wrap elementor-element-populated\">\n\t\t\t\t\t\t<div class=\"elementor-element elementor-element-350e6d9 elementor-widget elementor-widget-text-editor\" data-id=\"350e6d9\" data-element_type=\"widget\" data-e-type=\"widget\" data-widget_type=\"text-editor.default\">\n\t\t\t\t<div class=\"elementor-widget-container\">\n\t\t\t\t\t\t\t\t\t<h6><strong>Internationale Tagung <\/strong><\/h6><h6><strong>Ich, Du und dazwischen das gelobte Land<br \/>Religion, Gender und Western<br \/><\/strong><\/h6><div class=\"screen-readers-only\">Do 30.04.2026, 13.30 bis Sa 02.05.2026, 12.30<\/div><div>Paulus Akademie Z\u00fcrich<\/div><div>\u00a0<\/div><div><p>Kaum ein Filmgenre hat M\u00e4nnlichkeit, Macht und moralische Ordnung so pr\u00e4gend codiert wie der Western. Neben hegemonialen Geschlechterbildern schwingen darin auch religi\u00f6se Motive wie Schuld, Erl\u00f6sung und Gerechtigkeit mit. In j\u00fcngeren Westernproduktionen werden diese Deutungsmuster jedoch zunehmend irritiert: Genderrollen werden aufgebrochen, religi\u00f6se Sinnangebote hinterfragt und Diversit\u00e4t sichtbar gemacht. Die Tagung setzt hier an und fragt nach der filmischen (Re-)Konstruktion von Genderidentit\u00e4ten und Diversit\u00e4t im Spannungsfeld von Religion und Western.\u00a0<\/p><p><b>Die Tagung richtet sich an Forschende und Lehrende aus Theologie, Religionswissenschaft, Gender Studies, Film- und Medienwissenschaft sowie angrenzenden kulturwissenschaftlichen Disziplinen.<\/b><\/p><\/div>\t\t\t\t\t\t\t\t<\/div>\n\t\t\t\t<\/div>\n\t\t\t\t\t<\/div>\n\t\t<\/div>\n\t\t\t\t\t<\/div>\n\t\t<\/section>\n\t\t\t\t<section class=\"elementor-section elementor-top-section elementor-element elementor-element-ca9c4d9 elementor-section-boxed elementor-section-height-default elementor-section-height-default\" data-id=\"ca9c4d9\" data-element_type=\"section\" data-e-type=\"section\">\n\t\t\t\t\t\t<div class=\"elementor-container elementor-column-gap-default\">\n\t\t\t\t\t<div class=\"elementor-column elementor-col-50 elementor-top-column elementor-element elementor-element-40273b2\" data-id=\"40273b2\" data-element_type=\"column\" data-e-type=\"column\">\n\t\t\t<div class=\"elementor-widget-wrap elementor-element-populated\">\n\t\t\t\t\t\t<div class=\"elementor-element elementor-element-7556c9f elementor-widget elementor-widget-image\" data-id=\"7556c9f\" data-element_type=\"widget\" data-e-type=\"widget\" data-widget_type=\"image.default\">\n\t\t\t\t<div class=\"elementor-widget-container\">\n\t\t\t\t\t\t\t\t\t\t\t\t\t\t\t<img decoding=\"async\" src=\"https:\/\/marie-theresemaeder.com\/wp-content\/uploads\/elementor\/thumbs\/The-Passion-of-Joan-of-Arc-1004x1536-2379634331-rg1lm791y7yr84azqfzfz1okq713ofa8gb2lo9b1ck.jpg\" title=\"The-Passion-of-Joan-of-Arc-1004&#215;1536-2379634331\" alt=\"The-Passion-of-Joan-of-Arc-1004x1536-2379634331\" loading=\"lazy\" \/>\t\t\t\t\t\t\t\t\t\t\t\t\t\t\t<\/div>\n\t\t\t\t<\/div>\n\t\t\t\t<div class=\"elementor-element elementor-element-41b16ce elementor-widget elementor-widget-text-editor\" data-id=\"41b16ce\" data-element_type=\"widget\" data-e-type=\"widget\" data-widget_type=\"text-editor.default\">\n\t\t\t\t<div class=\"elementor-widget-container\">\n\t\t\t\t\t\t\t\t\t<p><br \/><span dir=\"ltr\" style=\"color: transparent; background-color: #ffffff; left: 167.16px; top: 322.649px; font-size: 8px; font-family: sans-serif; transform: scaleX(0.826718); position: absolute; display: block; transform-origin: 0px 0px; white-space: pre;\">1).<\/span><\/p>\t\t\t\t\t\t\t\t<\/div>\n\t\t\t\t<\/div>\n\t\t\t\t<div class=\"elementor-element elementor-element-b0ed710 elementor-align-right elementor-widget elementor-widget-button\" data-id=\"b0ed710\" data-element_type=\"widget\" data-e-type=\"widget\" data-widget_type=\"button.default\">\n\t\t\t\t<div class=\"elementor-widget-container\">\n\t\t\t\t\t\t\t\t\t<div class=\"elementor-button-wrapper\">\n\t\t\t\t\t<a class=\"elementor-button elementor-button-link elementor-size-sm\" href=\"https:\/\/www.rem.routledge.com\/articles\/la-passion-de-jeanne-darc-1928\">\n\t\t\t\t\t\t<span class=\"elementor-button-content-wrapper\">\n\t\t\t\t\t\t\t\t\t<span class=\"elementor-button-text\">Zum Text<\/span>\n\t\t\t\t\t<\/span>\n\t\t\t\t\t<\/a>\n\t\t\t\t<\/div>\n\t\t\t\t\t\t\t\t<\/div>\n\t\t\t\t<\/div>\n\t\t\t\t\t<\/div>\n\t\t<\/div>\n\t\t\t\t<div class=\"elementor-column elementor-col-50 elementor-top-column elementor-element elementor-element-55de194\" data-id=\"55de194\" data-element_type=\"column\" data-e-type=\"column\">\n\t\t\t<div class=\"elementor-widget-wrap elementor-element-populated\">\n\t\t\t\t\t\t<div class=\"elementor-element elementor-element-819498c elementor-widget elementor-widget-text-editor\" data-id=\"819498c\" data-element_type=\"widget\" data-e-type=\"widget\" data-widget_type=\"text-editor.default\">\n\t\t\t\t<div class=\"elementor-widget-container\">\n\t\t\t\t\t\t\t\t\t<p class=\"p1\"><strong>Lexikonartikel: <i>La Passion de Jeanne d\u2019Arc<\/i> (1928), Routledge Encyclopedia of Modernism<\/strong><\/p><p class=\"p1\">In diesem Lexikonartikel schreibe ich \u00fcber <i>La Passion de Jeanne d\u2019Arc<\/i> (1928). Der Stummfilm ist bekannt f\u00fcr seinen radikal reduktionistischen Stil sowie f\u00fcr Carl Theodor Dreyers innovative Verwendung von Gro\u00dfaufnahmen und Montage. Der Film konzentriert sich ausschlie\u00dflich auf den Prozess und die Hinrichtung Jeanne d\u2019Arcs und legt dabei den Schwerpunkt auf ihre Reaktionen, w\u00e4hrend ihre Ankl\u00e4ger durch Untersichten als bedrohlich dargestellt werden. Minimalistische B\u00fchnenbilder und eine impressionistische Montage l\u00f6sen die Erz\u00e4hlung von historischem Realismus. Ren\u00e9e Maria Falconettis intensive Darstellung in den Gro\u00dfaufnahmen wurde ikonisch. Die Spannung zwischen konkreter Darstellung und formaler Abstraktion verschiebt den Film in eine unbestimmte Zeit und einen unbestimmten Raum und erm\u00f6glicht es, ihn als ein Werk religi\u00f6ser Kunst zu lesen, das auf spirituelle Transzendenz ausgerichtet ist.<\/p><p>Maeder, Marie-Therese. La Passion de Jeanne d&#8217;Arc (1928). Taylor and Francis, 2024. Routledge Encyclopedia of Modernism. https:\/\/doi.org\/10.4324\/9780415249126-REM2167-1.<\/p>\t\t\t\t\t\t\t\t<\/div>\n\t\t\t\t<\/div>\n\t\t\t\t\t<\/div>\n\t\t<\/div>\n\t\t\t\t\t<\/div>\n\t\t<\/section>\n\t\t\t\t<section class=\"elementor-section elementor-top-section elementor-element elementor-element-9e6cc65 elementor-section-boxed elementor-section-height-default elementor-section-height-default\" data-id=\"9e6cc65\" data-element_type=\"section\" data-e-type=\"section\">\n\t\t\t\t\t\t<div class=\"elementor-container elementor-column-gap-default\">\n\t\t\t\t\t<div class=\"elementor-column elementor-col-50 elementor-top-column elementor-element elementor-element-f56f214\" data-id=\"f56f214\" data-element_type=\"column\" data-e-type=\"column\">\n\t\t\t<div class=\"elementor-widget-wrap elementor-element-populated\">\n\t\t\t\t\t\t<div class=\"elementor-element elementor-element-0d2625f elementor-widget elementor-widget-image\" data-id=\"0d2625f\" data-element_type=\"widget\" data-e-type=\"widget\" data-widget_type=\"image.default\">\n\t\t\t\t<div class=\"elementor-widget-container\">\n\t\t\t\t\t\t\t\t\t\t\t\t\t\t\t<img fetchpriority=\"high\" decoding=\"async\" width=\"211\" height=\"300\" src=\"https:\/\/marie-theresemaeder.com\/wp-content\/uploads\/2025\/05\/cover_issue_21_en_US-211x300.jpg\" class=\"attachment-medium size-medium wp-image-1090\" alt=\"\" srcset=\"https:\/\/marie-theresemaeder.com\/wp-content\/uploads\/2025\/05\/cover_issue_21_en_US-211x300.jpg 211w, https:\/\/marie-theresemaeder.com\/wp-content\/uploads\/2025\/05\/cover_issue_21_en_US-721x1024.jpg 721w, https:\/\/marie-theresemaeder.com\/wp-content\/uploads\/2025\/05\/cover_issue_21_en_US-768x1090.jpg 768w, https:\/\/marie-theresemaeder.com\/wp-content\/uploads\/2025\/05\/cover_issue_21_en_US-1082x1536.jpg 1082w, https:\/\/marie-theresemaeder.com\/wp-content\/uploads\/2025\/05\/cover_issue_21_en_US-8x12.jpg 8w, https:\/\/marie-theresemaeder.com\/wp-content\/uploads\/2025\/05\/cover_issue_21_en_US.jpg 1165w\" sizes=\"(max-width: 211px) 100vw, 211px\" \/>\t\t\t\t\t\t\t\t\t\t\t\t\t\t\t<\/div>\n\t\t\t\t<\/div>\n\t\t\t\t<div class=\"elementor-element elementor-element-55e89ef elementor-widget elementor-widget-text-editor\" data-id=\"55e89ef\" data-element_type=\"widget\" data-e-type=\"widget\" data-widget_type=\"text-editor.default\">\n\t\t\t\t<div class=\"elementor-widget-container\">\n\t\t\t\t\t\t\t\t\t<p>M\u00e4der, Marie-Therese. \u201eA Variety of Reading Modes: Researching the Consumption\/Reception of Media and Religion\u201c. Journal for Religion, Film and Media (JRFM) 11, Nr. 1 (15. Mai 2025).\u00a0<br \/><span dir=\"ltr\" style=\"color: transparent; background-color: #ffffff; left: 167.16px; top: 322.649px; font-size: 8px; font-family: sans-serif; transform: scaleX(0.826718); position: absolute; display: block; transform-origin: 0px 0px; white-space: pre;\">1).<\/span><\/p>\t\t\t\t\t\t\t\t<\/div>\n\t\t\t\t<\/div>\n\t\t\t\t<div class=\"elementor-element elementor-element-493a398 elementor-align-right elementor-widget elementor-widget-button\" data-id=\"493a398\" data-element_type=\"widget\" data-e-type=\"widget\" data-widget_type=\"button.default\">\n\t\t\t\t<div class=\"elementor-widget-container\">\n\t\t\t\t\t\t\t\t\t<div class=\"elementor-button-wrapper\">\n\t\t\t\t\t<a class=\"elementor-button elementor-button-link elementor-size-sm\" href=\"https:\/\/jrfm.eu\/index.php\/ojs_jrfm\/article\/view\/451\/361\">\n\t\t\t\t\t\t<span class=\"elementor-button-content-wrapper\">\n\t\t\t\t\t\t\t\t\t<span class=\"elementor-button-text\">Zum Artikel<\/span>\n\t\t\t\t\t<\/span>\n\t\t\t\t\t<\/a>\n\t\t\t\t<\/div>\n\t\t\t\t\t\t\t\t<\/div>\n\t\t\t\t<\/div>\n\t\t\t\t\t<\/div>\n\t\t<\/div>\n\t\t\t\t<div class=\"elementor-column elementor-col-50 elementor-top-column elementor-element elementor-element-722c48a\" data-id=\"722c48a\" data-element_type=\"column\" data-e-type=\"column\">\n\t\t\t<div class=\"elementor-widget-wrap elementor-element-populated\">\n\t\t\t\t\t\t<div class=\"elementor-element elementor-element-67e6a81 elementor-widget elementor-widget-text-editor\" data-id=\"67e6a81\" data-element_type=\"widget\" data-e-type=\"widget\" data-widget_type=\"text-editor.default\">\n\t\t\t\t<div class=\"elementor-widget-container\">\n\t\t\t\t\t\t\t\t\t<div class=\"ds-4w59co\"><strong>Zeitschriftenartikel zur Rezeption im Feld von Medien und Religion<\/strong><\/div><div>\u00a0<\/div><div class=\"ds-4w59co\"><div class=\"ds-1hikm4b\"><p class=\"p1\">Dieser Artikel entwickelt eine Typologie methodischer Zug\u00e4nge zur Erforschung von Medienrezeption im Kontext von Religion und Medien. Er unterscheidet drei Ans\u00e4tze: Der erste r\u00fcckt Repr\u00e4sentation und die Rolle der Forschenden als Rezipient:innen in den Mittelpunkt. Der zweite stellt die Rezeption durch die Befragten ins Zentrum und ber\u00fccksichtigt Repr\u00e4sentation nur als deren Voraussetzung. Der dritte konzentriert sich ausschlie\u00dflich auf Rezeptionsprozesse, ohne die konsumierten Medien selbst zu analysieren. Der Beitrag pl\u00e4diert f\u00fcr kombinierte Ans\u00e4tze, betont die Verantwortung der Forschenden und fordert eine st\u00e4rkere Einbindung kultureller Kontexte.<\/p><\/div><\/div><div id=\":R3ilkl6:\" class=\"ds-1aoy4jw\">\u00a0<\/div>\t\t\t\t\t\t\t\t<\/div>\n\t\t\t\t<\/div>\n\t\t\t\t\t<\/div>\n\t\t<\/div>\n\t\t\t\t\t<\/div>\n\t\t<\/section>\n\t\t\t\t<section class=\"elementor-section elementor-top-section elementor-element elementor-element-8f6db38 elementor-section-boxed elementor-section-height-default elementor-section-height-default\" data-id=\"8f6db38\" data-element_type=\"section\" data-e-type=\"section\">\n\t\t\t\t\t\t<div class=\"elementor-container elementor-column-gap-default\">\n\t\t\t\t\t<div class=\"elementor-column elementor-col-50 elementor-top-column elementor-element elementor-element-f5a4798\" data-id=\"f5a4798\" data-element_type=\"column\" data-e-type=\"column\">\n\t\t\t<div class=\"elementor-widget-wrap elementor-element-populated\">\n\t\t\t\t\t\t<div class=\"elementor-element elementor-element-74ece81 elementor-widget elementor-widget-image\" data-id=\"74ece81\" data-element_type=\"widget\" data-e-type=\"widget\" data-widget_type=\"image.default\">\n\t\t\t\t<div class=\"elementor-widget-container\">\n\t\t\t\t\t\t\t\t\t\t\t\t\t\t\t<img decoding=\"async\" width=\"300\" height=\"169\" src=\"https:\/\/marie-theresemaeder.com\/wp-content\/uploads\/2025\/01\/6df30aeeacf42267a6c78f1e0c7a5d5635d49b44-300x169.webp\" class=\"attachment-medium size-medium wp-image-988\" alt=\"\" srcset=\"https:\/\/marie-theresemaeder.com\/wp-content\/uploads\/2025\/01\/6df30aeeacf42267a6c78f1e0c7a5d5635d49b44-300x169.webp 300w, https:\/\/marie-theresemaeder.com\/wp-content\/uploads\/2025\/01\/6df30aeeacf42267a6c78f1e0c7a5d5635d49b44-1024x576.webp 1024w, https:\/\/marie-theresemaeder.com\/wp-content\/uploads\/2025\/01\/6df30aeeacf42267a6c78f1e0c7a5d5635d49b44-768x432.webp 768w, https:\/\/marie-theresemaeder.com\/wp-content\/uploads\/2025\/01\/6df30aeeacf42267a6c78f1e0c7a5d5635d49b44-1536x864.webp 1536w, https:\/\/marie-theresemaeder.com\/wp-content\/uploads\/2025\/01\/6df30aeeacf42267a6c78f1e0c7a5d5635d49b44.webp 1920w\" sizes=\"(max-width: 300px) 100vw, 300px\" \/>\t\t\t\t\t\t\t\t\t\t\t\t\t\t\t<\/div>\n\t\t\t\t<\/div>\n\t\t\t\t<div class=\"elementor-element elementor-element-063e470 elementor-widget elementor-widget-text-editor\" data-id=\"063e470\" data-element_type=\"widget\" data-e-type=\"widget\" data-widget_type=\"text-editor.default\">\n\t\t\t\t<div class=\"elementor-widget-container\">\n\t\t\t\t\t\t\t\t\t<p>Film &#8222;Jesus Goes to Hollywood&#8220; (Norbert Bus\u00e9, DE\/FR 2024, 59&#8242;)<br \/><span dir=\"ltr\" style=\"color: transparent; background-color: #ffffff; left: 167.16px; top: 322.649px; font-size: 8px; font-family: sans-serif; transform: scaleX(0.826718); position: absolute; display: block; transform-origin: 0px 0px; white-space: pre;\">1).<\/span><\/p>\t\t\t\t\t\t\t\t<\/div>\n\t\t\t\t<\/div>\n\t\t\t\t<div class=\"elementor-element elementor-element-c504c96 elementor-align-right elementor-widget elementor-widget-button\" data-id=\"c504c96\" data-element_type=\"widget\" data-e-type=\"widget\" data-widget_type=\"button.default\">\n\t\t\t\t<div class=\"elementor-widget-container\">\n\t\t\t\t\t\t\t\t\t<div class=\"elementor-button-wrapper\">\n\t\t\t\t\t<a class=\"elementor-button elementor-button-link elementor-size-sm\" href=\"https:\/\/www.srf.ch\/play\/tv\/sternstunde-religion\/video\/jesus-goes-to-hollywood?urn=urn:srf:video:39d749c2-975e-4125-8932-8802899289f4\">\n\t\t\t\t\t\t<span class=\"elementor-button-content-wrapper\">\n\t\t\t\t\t\t\t\t\t<span class=\"elementor-button-text\">Zum Film<\/span>\n\t\t\t\t\t<\/span>\n\t\t\t\t\t<\/a>\n\t\t\t\t<\/div>\n\t\t\t\t\t\t\t\t<\/div>\n\t\t\t\t<\/div>\n\t\t\t\t\t<\/div>\n\t\t<\/div>\n\t\t\t\t<div class=\"elementor-column elementor-col-50 elementor-top-column elementor-element elementor-element-87930c8\" data-id=\"87930c8\" data-element_type=\"column\" data-e-type=\"column\">\n\t\t\t<div class=\"elementor-widget-wrap elementor-element-populated\">\n\t\t\t\t\t\t<div class=\"elementor-element elementor-element-79bc5a7 elementor-widget elementor-widget-text-editor\" data-id=\"79bc5a7\" data-element_type=\"widget\" data-e-type=\"widget\" data-widget_type=\"text-editor.default\">\n\t\t\t\t<div class=\"elementor-widget-container\">\n\t\t\t\t\t\t\t\t\t<div class=\"ds-4w59co\"><strong>Eine Zusammenarbeit hinter und vor der Kamera<\/strong><\/div><div>\u00a0<\/div><div class=\"ds-4w59co\"><div class=\"ds-1hikm4b\">Mit dem Aufkommen des Films verlor die Kirche ihre Monopolstellung bei der Deutung des Bildes von Jesus. Die laufenden Bilder erweckten den Sohn Gottes und die Passionsgeschichte auf neue Weise zum Leben, machten ihn zu einem Star in Hollywood und provozierten Skandale, wie Martin Scorseses &#8222;Die letzte Versuchung Christi&#8220; oder Mel Gibsons &#8222;Die Passion Christi&#8220;. Als Expertin f\u00fcr Film und Religion ordne ich diese Werke filmhistorisch vor der Kamera ein.<\/div><\/div>\t\t\t\t\t\t\t\t<\/div>\n\t\t\t\t<\/div>\n\t\t\t\t\t<\/div>\n\t\t<\/div>\n\t\t\t\t\t<\/div>\n\t\t<\/section>\n\t\t\t\t<section class=\"elementor-section elementor-top-section elementor-element elementor-element-c82817c elementor-section-boxed elementor-section-height-default elementor-section-height-default\" data-id=\"c82817c\" data-element_type=\"section\" data-e-type=\"section\">\n\t\t\t\t\t\t<div class=\"elementor-container elementor-column-gap-default\">\n\t\t\t\t\t<div class=\"elementor-column elementor-col-50 elementor-top-column elementor-element elementor-element-e20a6a5\" data-id=\"e20a6a5\" data-element_type=\"column\" data-e-type=\"column\">\n\t\t\t<div class=\"elementor-widget-wrap elementor-element-populated\">\n\t\t\t\t\t\t<div class=\"elementor-element elementor-element-d503edf elementor-widget elementor-widget-image\" data-id=\"d503edf\" data-element_type=\"widget\" data-e-type=\"widget\" data-widget_type=\"image.default\">\n\t\t\t\t<div class=\"elementor-widget-container\">\n\t\t\t\t\t\t\t\t\t\t\t\t\t\t\t<img decoding=\"async\" src=\"https:\/\/marie-theresemaeder.com\/wp-content\/uploads\/elementor\/thumbs\/5149c684-9261-4448-bcd5-5dbef035f8d6-r4e23w9vz284lp0ar6t8asbh78zxwfyxiu6efoosw4.jpg\" title=\"5149c684-9261-4448-bcd5-5dbef035f8d6\" alt=\"5149c684-9261-4448-bcd5-5dbef035f8d6\" loading=\"lazy\" \/>\t\t\t\t\t\t\t\t\t\t\t\t\t\t\t<\/div>\n\t\t\t\t<\/div>\n\t\t\t\t<div class=\"elementor-element elementor-element-4f7aa8f elementor-widget elementor-widget-text-editor\" data-id=\"4f7aa8f\" data-element_type=\"widget\" data-e-type=\"widget\" data-widget_type=\"text-editor.default\">\n\t\t\t\t<div class=\"elementor-widget-container\">\n\t\t\t\t\t\t\t\t\t<p>Podcast &#8222;Wieso nicht eine weibliche Jesus?&#8220; (Host Reflab: Johanna Di Blasi)<br \/><span dir=\"ltr\" style=\"color: transparent; background-color: #ffffff; left: 167.16px; top: 322.649px; font-size: 8px; font-family: sans-serif; transform: scaleX(0.826718); position: absolute; display: block; transform-origin: 0px 0px; white-space: pre;\">1).<\/span><\/p>\t\t\t\t\t\t\t\t<\/div>\n\t\t\t\t<\/div>\n\t\t\t\t<div class=\"elementor-element elementor-element-efd5a4e elementor-align-right elementor-widget elementor-widget-button\" data-id=\"efd5a4e\" data-element_type=\"widget\" data-e-type=\"widget\" data-widget_type=\"button.default\">\n\t\t\t\t<div class=\"elementor-widget-container\">\n\t\t\t\t\t\t\t\t\t<div class=\"elementor-button-wrapper\">\n\t\t\t\t\t<a class=\"elementor-button elementor-button-link elementor-size-sm\" href=\"https:\/\/www.reflab.ch\/wieso-nicht-eine-weibliche-jesus-marie-therese-maeder\/\">\n\t\t\t\t\t\t<span class=\"elementor-button-content-wrapper\">\n\t\t\t\t\t\t\t\t\t<span class=\"elementor-button-text\">Zum Podcast<\/span>\n\t\t\t\t\t<\/span>\n\t\t\t\t\t<\/a>\n\t\t\t\t<\/div>\n\t\t\t\t\t\t\t\t<\/div>\n\t\t\t\t<\/div>\n\t\t\t\t\t<\/div>\n\t\t<\/div>\n\t\t\t\t<div class=\"elementor-column elementor-col-50 elementor-top-column elementor-element elementor-element-39b72d3\" data-id=\"39b72d3\" data-element_type=\"column\" data-e-type=\"column\">\n\t\t\t<div class=\"elementor-widget-wrap elementor-element-populated\">\n\t\t\t\t\t\t<div class=\"elementor-element elementor-element-7f62235 elementor-widget elementor-widget-text-editor\" data-id=\"7f62235\" data-element_type=\"widget\" data-e-type=\"widget\" data-widget_type=\"text-editor.default\">\n\t\t\t\t<div class=\"elementor-widget-container\">\n\t\t\t\t\t\t\t\t\t<div class=\"ds-4w59co\"><strong>Von vergangenen, gegenw\u00e4rtigen und zuk\u00fcnftigen Jesusverfilmungen<\/strong><\/div><div>\u00a0<\/div><div class=\"ds-4w59co\"><div class=\"ds-1hikm4b\">Ostern ist Jesusfilme-Zeit! Ein Blick auf die einflussreichsten Interpretationen aus hundert Jahren: von \u00abJesus Christ Superstar\u00bb bis \u00abThe Chosen\u00bb.<\/div><\/div><div id=\":R3ilkl6:\" class=\"ds-1aoy4jw\">\u00a0<\/div>\t\t\t\t\t\t\t\t<\/div>\n\t\t\t\t<\/div>\n\t\t\t\t\t<\/div>\n\t\t<\/div>\n\t\t\t\t\t<\/div>\n\t\t<\/section>\n\t\t\t\t<section class=\"elementor-section elementor-top-section elementor-element elementor-element-a72c7f5 elementor-section-boxed elementor-section-height-default elementor-section-height-default\" data-id=\"a72c7f5\" data-element_type=\"section\" data-e-type=\"section\">\n\t\t\t\t\t\t<div class=\"elementor-container elementor-column-gap-default\">\n\t\t\t\t\t<div class=\"elementor-column elementor-col-50 elementor-top-column elementor-element elementor-element-0719791\" data-id=\"0719791\" data-element_type=\"column\" data-e-type=\"column\">\n\t\t\t<div class=\"elementor-widget-wrap elementor-element-populated\">\n\t\t\t\t\t\t<div class=\"elementor-element elementor-element-6795cb8 elementor-widget elementor-widget-image\" data-id=\"6795cb8\" data-element_type=\"widget\" data-e-type=\"widget\" data-widget_type=\"image.default\">\n\t\t\t\t<div class=\"elementor-widget-container\">\n\t\t\t\t\t\t\t\t\t\t\t\t\t\t\t<img decoding=\"async\" width=\"211\" height=\"300\" src=\"https:\/\/marie-theresemaeder.com\/wp-content\/uploads\/2024\/12\/End-of-humanity-211x300.jpg\" class=\"attachment-medium size-medium wp-image-954\" alt=\"\" srcset=\"https:\/\/marie-theresemaeder.com\/wp-content\/uploads\/2024\/12\/End-of-humanity-211x300.jpg 211w, https:\/\/marie-theresemaeder.com\/wp-content\/uploads\/2024\/12\/End-of-humanity-722x1024.jpg 722w, https:\/\/marie-theresemaeder.com\/wp-content\/uploads\/2024\/12\/End-of-humanity-768x1090.jpg 768w, https:\/\/marie-theresemaeder.com\/wp-content\/uploads\/2024\/12\/End-of-humanity-1083x1536.jpg 1083w, https:\/\/marie-theresemaeder.com\/wp-content\/uploads\/2024\/12\/End-of-humanity-1444x2048.jpg 1444w, https:\/\/marie-theresemaeder.com\/wp-content\/uploads\/2024\/12\/End-of-humanity-scaled.jpg 1804w\" sizes=\"(max-width: 211px) 100vw, 211px\" \/>\t\t\t\t\t\t\t\t\t\t\t\t\t\t\t<\/div>\n\t\t\t\t<\/div>\n\t\t\t\t<div class=\"elementor-element elementor-element-169990e elementor-widget elementor-widget-text-editor\" data-id=\"169990e\" data-element_type=\"widget\" data-e-type=\"widget\" data-widget_type=\"text-editor.default\">\n\t\t\t\t<div class=\"elementor-widget-container\">\n\t\t\t\t\t\t\t\t\t<p>Film &#8222;The End of Humanity&#8220; (Oliver Duerr, Jean Marc Furrer, CH 2024, , 57&#8242;)<br \/><span dir=\"ltr\" style=\"color: transparent; background-color: #ffffff; left: 167.16px; top: 322.649px; font-size: 8px; font-family: sans-serif; transform: scaleX(0.826718); position: absolute; display: block; transform-origin: 0px 0px; white-space: pre;\">1).<\/span><\/p>\t\t\t\t\t\t\t\t<\/div>\n\t\t\t\t<\/div>\n\t\t\t\t<div class=\"elementor-element elementor-element-69c1a63 elementor-align-right elementor-widget elementor-widget-button\" data-id=\"69c1a63\" data-element_type=\"widget\" data-e-type=\"widget\" data-widget_type=\"button.default\">\n\t\t\t\t<div class=\"elementor-widget-container\">\n\t\t\t\t\t\t\t\t\t<div class=\"elementor-button-wrapper\">\n\t\t\t\t\t<a class=\"elementor-button elementor-button-link elementor-size-sm\" href=\"https:\/\/doi-org.ezproxy.uzh.ch\/10.1515\/9783110697407-052\">\n\t\t\t\t\t\t<span class=\"elementor-button-content-wrapper\">\n\t\t\t\t\t\t\t\t\t<span class=\"elementor-button-text\">Zum Text<\/span>\n\t\t\t\t\t<\/span>\n\t\t\t\t\t<\/a>\n\t\t\t\t<\/div>\n\t\t\t\t\t\t\t\t<\/div>\n\t\t\t\t<\/div>\n\t\t\t\t\t<\/div>\n\t\t<\/div>\n\t\t\t\t<div class=\"elementor-column elementor-col-50 elementor-top-column elementor-element elementor-element-2ac4f0a\" data-id=\"2ac4f0a\" data-element_type=\"column\" data-e-type=\"column\">\n\t\t\t<div class=\"elementor-widget-wrap elementor-element-populated\">\n\t\t\t\t\t\t<div class=\"elementor-element elementor-element-9d36d1b elementor-widget elementor-widget-text-editor\" data-id=\"9d36d1b\" data-element_type=\"widget\" data-e-type=\"widget\" data-widget_type=\"text-editor.default\">\n\t\t\t\t<div class=\"elementor-widget-container\">\n\t\t\t\t\t\t\t\t\t<p><b>Hey KI? Wir m\u00fcssen reden<\/b><\/p><p><a href=\"https:\/\/www.bfh.ch\/de\/aktuell\/storys\/2024\/end-of-humanity-ki-funktion-gesellschaft\/\"><b>Interview Berner Fachhochschule News &#038; Stories<\/b><\/a><\/p><p>&#8222;Was bedeutet es, Mensch zu sein im KI-Zeitalter?&#8220; Das Interview zu dieser Frage wurde im Zusammenhang der <a href=\"https:\/\/www.bfh.ch\/de\/aktuell\/fachveranstaltungen\/schweizer-digitaltage-2024\/\">Schweizer Digitaltage<\/a>\u00a0und der Diskussion zum Film &#8222;<a href=\"https:\/\/endofhumanity.film\/de\/\">The End of Humanity<\/a>&#8220; durchgef\u00fchrt (Biel, 22. November 2024).<\/p>\t\t\t\t\t\t\t\t<\/div>\n\t\t\t\t<\/div>\n\t\t\t\t\t<\/div>\n\t\t<\/div>\n\t\t\t\t\t<\/div>\n\t\t<\/section>\n\t\t\t\t<section class=\"elementor-section elementor-top-section elementor-element elementor-element-a5aabae elementor-section-boxed elementor-section-height-default elementor-section-height-default\" data-id=\"a5aabae\" data-element_type=\"section\" data-e-type=\"section\">\n\t\t\t\t\t\t<div class=\"elementor-container elementor-column-gap-default\">\n\t\t\t\t\t<div class=\"elementor-column elementor-col-50 elementor-top-column elementor-element elementor-element-2f94dbb\" data-id=\"2f94dbb\" data-element_type=\"column\" data-e-type=\"column\">\n\t\t\t<div class=\"elementor-widget-wrap elementor-element-populated\">\n\t\t\t\t\t\t<div class=\"elementor-element elementor-element-855ba41 elementor-widget elementor-widget-image\" data-id=\"855ba41\" data-element_type=\"widget\" data-e-type=\"widget\" data-widget_type=\"image.default\">\n\t\t\t\t<div class=\"elementor-widget-container\">\n\t\t\t\t\t\t\t\t\t\t\t\t\t\t\t<img loading=\"lazy\" decoding=\"async\" width=\"800\" height=\"735\" src=\"https:\/\/marie-theresemaeder.com\/wp-content\/uploads\/2024\/08\/Maeder_Migration_Abb_1-1024x941.jpg\" class=\"attachment-large size-large wp-image-936\" alt=\"\" srcset=\"https:\/\/marie-theresemaeder.com\/wp-content\/uploads\/2024\/08\/Maeder_Migration_Abb_1-1024x941.jpg 1024w, https:\/\/marie-theresemaeder.com\/wp-content\/uploads\/2024\/08\/Maeder_Migration_Abb_1-300x276.jpg 300w, https:\/\/marie-theresemaeder.com\/wp-content\/uploads\/2024\/08\/Maeder_Migration_Abb_1-768x706.jpg 768w, https:\/\/marie-theresemaeder.com\/wp-content\/uploads\/2024\/08\/Maeder_Migration_Abb_1-1536x1412.jpg 1536w, https:\/\/marie-theresemaeder.com\/wp-content\/uploads\/2024\/08\/Maeder_Migration_Abb_1-2048x1883.jpg 2048w\" sizes=\"(max-width: 800px) 100vw, 800px\" \/>\t\t\t\t\t\t\t\t\t\t\t\t\t\t\t<\/div>\n\t\t\t\t<\/div>\n\t\t\t\t<div class=\"elementor-element elementor-element-12ae977 elementor-widget elementor-widget-text-editor\" data-id=\"12ae977\" data-element_type=\"widget\" data-e-type=\"widget\" data-widget_type=\"text-editor.default\">\n\t\t\t\t<div class=\"elementor-widget-container\">\n\t\t\t\t\t\t\t\t\t<p><span dir=\"ltr\">Vergleich <\/span><span dir=\"ltr\">zwischen <\/span><span dir=\"ltr\">der <\/span><span dir=\"ltr\">Anza<\/span><span dir=\"ltr\">hl von m<\/span><span dir=\"ltr\">igrierten <\/span><span dir=\"ltr\">M\u00e4nnern <\/span><span dir=\"ltr\">und <\/span><span dir=\"ltr\">Frauen <\/span><span dir=\"ltr\">(<\/span><span dir=\"ltr\">Gender <\/span><span dir=\"ltr\">and <\/span><span dir=\"ltr\">Migr<\/span><span dir=\"ltr\">ation<\/span><span dir=\"ltr\">, IOM <\/span><span dir=\"ltr\">GMD<\/span><span dir=\"ltr\">AC 2021).<\/span><span dir=\"ltr\" style=\"color: transparent; background-color: #ffffff; left: 167.16px; top: 322.649px; font-size: 8px; font-family: sans-serif; transform: scaleX(0.826718); position: absolute; display: block; transform-origin: 0px 0px; white-space: pre;\">1).<\/span><\/p>\t\t\t\t\t\t\t\t<\/div>\n\t\t\t\t<\/div>\n\t\t\t\t<div class=\"elementor-element elementor-element-4953f3b elementor-align-right elementor-widget elementor-widget-button\" data-id=\"4953f3b\" data-element_type=\"widget\" data-e-type=\"widget\" data-widget_type=\"button.default\">\n\t\t\t\t<div class=\"elementor-widget-container\">\n\t\t\t\t\t\t\t\t\t<div class=\"elementor-button-wrapper\">\n\t\t\t\t\t<a class=\"elementor-button elementor-button-link elementor-size-sm\" href=\"https:\/\/doi-org.ezproxy.uzh.ch\/10.1515\/9783110697407-052\">\n\t\t\t\t\t\t<span class=\"elementor-button-content-wrapper\">\n\t\t\t\t\t\t\t\t\t<span class=\"elementor-button-text\">Zum Text<\/span>\n\t\t\t\t\t<\/span>\n\t\t\t\t\t<\/a>\n\t\t\t\t<\/div>\n\t\t\t\t\t\t\t\t<\/div>\n\t\t\t\t<\/div>\n\t\t\t\t\t<\/div>\n\t\t<\/div>\n\t\t\t\t<div class=\"elementor-column elementor-col-50 elementor-top-column elementor-element elementor-element-80b449b\" data-id=\"80b449b\" data-element_type=\"column\" data-e-type=\"column\">\n\t\t\t<div class=\"elementor-widget-wrap elementor-element-populated\">\n\t\t\t\t\t\t<div class=\"elementor-element elementor-element-e0722a5 elementor-widget elementor-widget-text-editor\" data-id=\"e0722a5\" data-element_type=\"widget\" data-e-type=\"widget\" data-widget_type=\"text-editor.default\">\n\t\t\t\t<div class=\"elementor-widget-container\">\n\t\t\t\t\t\t\t\t\t<p><b>Beitrag &#8222;Migration&#8220; im Handbuch Geschlecht und Religion<\/b><\/p><p><span dir=\"ltr\">Der <\/span><span dir=\"ltr\">Bei<\/span><span dir=\"ltr\">trag geht der Frage nach, welche Rolle Gender und Religion in Migrationsprozessen spielt. Migration ist immer als eine Bewegung in zwei Richtungen zu verstehen. Die Erfahrungen der involvierten Menschen stehen dabei im Zentrum. In<\/span> Untersuchungen zu Gender und Religion erweist es sich als sinnvoll, die Menschen und ihre Handlungen innerhalb des kulturellen Kontextes zu verstehen.Wird nur auf die Grenzen von Nationalstaaten und deren rechtliche Regulierungen fokussiert,werden die Akteur*innen oftmals au\u00dfenvorgelassen. Mit Blick darauf, wie Gender und Religion in Migrationsprozessen konstruiert werden, lassen sich\u00a0 Fragen der Ungleichbehandlung, Verteilung von Ressourcen,<br \/>Vormachtstellungen und Definitionshoheiten kritisch hinterfragen und Macht-strukturen analysieren.<\/p><div class=\"csl-bib-body\"><div class=\"csl-entry\">M\u00e4der, Marie-Therese. \u201eMigration\u201c. In <i>Religion und Geschlecht<\/i>, Birgit Heller und Edith Franke (Hg.), 539\u201350. De Gruyter, 2024. <a href=\"https:\/\/doi.org\/10.1515\/9783110697407-052\">https:\/\/doi.org\/10.1515\/9783110697407-052<\/a>.<\/div><\/div>\t\t\t\t\t\t\t\t<\/div>\n\t\t\t\t<\/div>\n\t\t\t\t\t<\/div>\n\t\t<\/div>\n\t\t\t\t\t<\/div>\n\t\t<\/section>\n\t\t\t\t<section class=\"elementor-section elementor-top-section elementor-element elementor-element-a428494 elementor-section-boxed elementor-section-height-default elementor-section-height-default\" data-id=\"a428494\" data-element_type=\"section\" data-e-type=\"section\">\n\t\t\t\t\t\t<div class=\"elementor-container elementor-column-gap-default\">\n\t\t\t\t\t<div class=\"elementor-column elementor-col-50 elementor-top-column elementor-element elementor-element-5f76da5\" data-id=\"5f76da5\" data-element_type=\"column\" data-e-type=\"column\">\n\t\t\t<div class=\"elementor-widget-wrap elementor-element-populated\">\n\t\t\t\t\t\t<div class=\"elementor-element elementor-element-b313c89 elementor-widget elementor-widget-image\" data-id=\"b313c89\" data-element_type=\"widget\" data-e-type=\"widget\" data-widget_type=\"image.default\">\n\t\t\t\t<div class=\"elementor-widget-container\">\n\t\t\t\t\t\t\t\t\t\t\t\t\t\t\t<img loading=\"lazy\" decoding=\"async\" width=\"800\" height=\"468\" src=\"https:\/\/marie-theresemaeder.com\/wp-content\/uploads\/2023\/12\/io_020312.png\" class=\"attachment-large size-large wp-image-883\" alt=\"\" srcset=\"https:\/\/marie-theresemaeder.com\/wp-content\/uploads\/2023\/12\/io_020312.png 929w, https:\/\/marie-theresemaeder.com\/wp-content\/uploads\/2023\/12\/io_020312-300x175.png 300w, https:\/\/marie-theresemaeder.com\/wp-content\/uploads\/2023\/12\/io_020312-768x449.png 768w\" sizes=\"(max-width: 800px) 100vw, 800px\" \/>\t\t\t\t\t\t\t\t\t\t\t\t\t\t\t<\/div>\n\t\t\t\t<\/div>\n\t\t\t\t<div class=\"elementor-element elementor-element-0d3afbc elementor-widget elementor-widget-text-editor\" data-id=\"0d3afbc\" data-element_type=\"widget\" data-e-type=\"widget\" data-widget_type=\"text-editor.default\">\n\t\t\t\t<div class=\"elementor-widget-container\">\n\t\t\t\t\t\t\t\t\t<p>Screenshot Dokumentarfilm &#8222;Iraqui Odyssey&#8220; ( Samir, Irak\/CH\/DE\/Arabische Emirate 2014, 145\u2032)<\/p>\t\t\t\t\t\t\t\t<\/div>\n\t\t\t\t<\/div>\n\t\t\t\t<div class=\"elementor-element elementor-element-0d521b6 elementor-align-right elementor-widget elementor-widget-button\" data-id=\"0d521b6\" data-element_type=\"widget\" data-e-type=\"widget\" data-widget_type=\"button.default\">\n\t\t\t\t<div class=\"elementor-widget-container\">\n\t\t\t\t\t\t\t\t\t<div class=\"elementor-button-wrapper\">\n\t\t\t\t\t<a class=\"elementor-button elementor-button-link elementor-size-sm\" href=\"https:\/\/doi-org.ezproxy.uzh.ch\/10.1007\/978-3-658-41840-3_11\">\n\t\t\t\t\t\t<span class=\"elementor-button-content-wrapper\">\n\t\t\t\t\t\t\t\t\t<span class=\"elementor-button-text\">Zum Text<\/span>\n\t\t\t\t\t<\/span>\n\t\t\t\t\t<\/a>\n\t\t\t\t<\/div>\n\t\t\t\t\t\t\t\t<\/div>\n\t\t\t\t<\/div>\n\t\t\t\t\t<\/div>\n\t\t<\/div>\n\t\t\t\t<div class=\"elementor-column elementor-col-50 elementor-top-column elementor-element elementor-element-8d752f1\" data-id=\"8d752f1\" data-element_type=\"column\" data-e-type=\"column\">\n\t\t\t<div class=\"elementor-widget-wrap elementor-element-populated\">\n\t\t\t\t\t\t<div class=\"elementor-element elementor-element-87ecba0 elementor-widget elementor-widget-text-editor\" data-id=\"87ecba0\" data-element_type=\"widget\" data-e-type=\"widget\" data-widget_type=\"text-editor.default\">\n\t\t\t\t<div class=\"elementor-widget-container\">\n\t\t\t\t\t\t\t\t\t<p><strong>Publikation des Beitrages &#8222;Dokumentarfilme als Kommunikationsra\u0308ume religio\u0308ser Identita\u0308ten&#8220;<\/strong><\/p><p>Der Beitrag bescha\u0308ftigt sich &#8222;mit dem Dokumentarfilm als mediatisiertem Kommunikationsraum, in dem religio\u0308s- kulturelle Identita\u0308ten im Kontext von Migration konstruiert bzw. kommuniziert werden. Anhand zweier Dokumentarfilme, in denen aus muslimisch gepra\u0308gten La\u0308ndern stammende und nun in der Schweiz lebende Filmemacher ihre Migrations-geschichte thematisieren, analysieren [Marie-Therese M\u00e4der und Monika Glavac] die Verhandlungen von Zugeho\u0308rigkeit. Zur Erschlie\u00dfung des Kommunikationsraums sowohl auf Produktions- wie auch auf Repra\u0308sentationsebene nutzen sie einen mehrdimensionalen Zugang, bestehend aus semistrukturierten qualitativen Interviews mit den Regisseuren sowie der Analyse von Medienberichten und Filmkritiken. Die Autorinnen ko\u0308nnen zeigen, dass Medien beim Wandel von Identita\u0308ten im Kontext von Migration in einer globali- sierten Welt eine wesentliche Rolle spielen, da sie als Mittel fu\u0308r kommunikativ Handelnde die medialen Kommunikationsra\u0308ume erweitern und vera\u0308ndern.&#8220; (Anke Offerhaus, 2023, 18)<\/p><div class=\"csl-bib-body\"><div class=\"csl-entry\">Glavac, Monika, und Marie-Therese M\u00e4der. \u201eDokumentarfilme als Kommunikationsr\u00e4ume religi\u00f6ser Identit\u00e4ten\u201c. In Anke Offerhaus (Hg.),\u00a0 <i>Multiple Media &#8211; Multiple Religions?\u00a0 Facetten der Transformation von Medien und Religion<\/i>, Springer Fachmedien, Wiesbaden 2023.<\/div><\/div>\t\t\t\t\t\t\t\t<\/div>\n\t\t\t\t<\/div>\n\t\t\t\t\t<\/div>\n\t\t<\/div>\n\t\t\t\t\t<\/div>\n\t\t<\/section>\n\t\t\t\t<section class=\"elementor-section elementor-top-section elementor-element elementor-element-fddc90b elementor-section-boxed elementor-section-height-default elementor-section-height-default\" data-id=\"fddc90b\" data-element_type=\"section\" data-e-type=\"section\">\n\t\t\t\t\t\t<div class=\"elementor-container elementor-column-gap-default\">\n\t\t\t\t\t<div class=\"elementor-column elementor-col-50 elementor-top-column elementor-element elementor-element-6e4ffe5\" data-id=\"6e4ffe5\" data-element_type=\"column\" data-e-type=\"column\">\n\t\t\t<div class=\"elementor-widget-wrap elementor-element-populated\">\n\t\t\t\t\t\t<div class=\"elementor-element elementor-element-c5be944 elementor-widget elementor-widget-image\" data-id=\"c5be944\" data-element_type=\"widget\" data-e-type=\"widget\" data-widget_type=\"image.default\">\n\t\t\t\t<div class=\"elementor-widget-container\">\n\t\t\t\t\t\t\t\t\t\t\t\t\t\t\t<img loading=\"lazy\" decoding=\"async\" width=\"800\" height=\"450\" src=\"https:\/\/marie-theresemaeder.com\/wp-content\/uploads\/2023\/09\/Maeder_Blog_Bild_0-Large-1024x576.jpeg\" class=\"attachment-large size-large wp-image-855\" alt=\"\" srcset=\"https:\/\/marie-theresemaeder.com\/wp-content\/uploads\/2023\/09\/Maeder_Blog_Bild_0-Large-1024x576.jpeg 1024w, https:\/\/marie-theresemaeder.com\/wp-content\/uploads\/2023\/09\/Maeder_Blog_Bild_0-Large-300x169.jpeg 300w, https:\/\/marie-theresemaeder.com\/wp-content\/uploads\/2023\/09\/Maeder_Blog_Bild_0-Large-768x432.jpeg 768w, https:\/\/marie-theresemaeder.com\/wp-content\/uploads\/2023\/09\/Maeder_Blog_Bild_0-Large.jpeg 1280w\" sizes=\"(max-width: 800px) 100vw, 800px\" \/>\t\t\t\t\t\t\t\t\t\t\t\t\t\t\t<\/div>\n\t\t\t\t<\/div>\n\t\t\t\t\t<\/div>\n\t\t<\/div>\n\t\t\t\t<div class=\"elementor-column elementor-col-50 elementor-top-column elementor-element elementor-element-36ac794\" data-id=\"36ac794\" data-element_type=\"column\" data-e-type=\"column\">\n\t\t\t<div class=\"elementor-widget-wrap elementor-element-populated\">\n\t\t\t\t\t\t<div class=\"elementor-element elementor-element-2f6c547 elementor-widget elementor-widget-text-editor\" data-id=\"2f6c547\" data-element_type=\"widget\" data-e-type=\"widget\" data-widget_type=\"text-editor.default\">\n\t\t\t\t<div class=\"elementor-widget-container\">\n\t\t\t\t\t\t\t\t\t<p class=\"post-title entry-title\"><strong>Blogbeitrag (13\/09\/23): Hochzeiten erforschen \u2013 Von Bildergeschichten und geteilten Erinnerungen<\/strong><\/p><p>W\u00e4ren Sie bereit einer fremden Person Ihr Hochzeitsalbum zu zeigen und zusammen mit Ihrem Ehemann oder Ihrer Ehefrau pers\u00f6nliche Erfahrungen, Eindr\u00fccke und Erlebnisse von diesem Tag zu teilen? W\u00fcrde es Sie st\u00f6ren, wenn das Gespr\u00e4ch zus\u00e4tzlich von einer Kamera aufgenommen wird, die sowohl Sie als auch ihre Hochzeitsbilder im Fokus hat? \u00abDas ist ganz sch\u00f6n viel verlangt\u00bb, werden Sie sich vielleicht denken. Tats\u00e4chlich waren letztes und dieses Jahr 27 Paare in Deutschland, Italien und der Schweiz bereit, sich auf ein solches Gespr\u00e4ch einzulassen.\u00a0<\/p>\t\t\t\t\t\t\t\t<\/div>\n\t\t\t\t<\/div>\n\t\t\t\t<div class=\"elementor-element elementor-element-c6624bf elementor-align-right elementor-widget elementor-widget-button\" data-id=\"c6624bf\" data-element_type=\"widget\" data-e-type=\"widget\" data-widget_type=\"button.default\">\n\t\t\t\t<div class=\"elementor-widget-container\">\n\t\t\t\t\t\t\t\t\t<div class=\"elementor-button-wrapper\">\n\t\t\t\t\t<a class=\"elementor-button elementor-button-link elementor-size-md\" href=\"https:\/\/kontrapunkte.hypotheses.org\/6071\">\n\t\t\t\t\t\t<span class=\"elementor-button-content-wrapper\">\n\t\t\t\t\t\t<span class=\"elementor-button-icon\">\n\t\t\t\t<i aria-hidden=\"true\" class=\"far fa-eye\"><\/i>\t\t\t<\/span>\n\t\t\t\t\t\t\t\t\t<span class=\"elementor-button-text\">Zum Blog<\/span>\n\t\t\t\t\t<\/span>\n\t\t\t\t\t<\/a>\n\t\t\t\t<\/div>\n\t\t\t\t\t\t\t\t<\/div>\n\t\t\t\t<\/div>\n\t\t\t\t\t<\/div>\n\t\t<\/div>\n\t\t\t\t\t<\/div>\n\t\t<\/section>\n\t\t\t\t<section class=\"elementor-section elementor-top-section elementor-element elementor-element-fbc651d elementor-section-boxed elementor-section-height-default elementor-section-height-default\" data-id=\"fbc651d\" data-element_type=\"section\" data-e-type=\"section\">\n\t\t\t\t\t\t<div class=\"elementor-container elementor-column-gap-default\">\n\t\t\t\t\t<div class=\"elementor-column elementor-col-100 elementor-top-column elementor-element elementor-element-7d7d2aa\" data-id=\"7d7d2aa\" data-element_type=\"column\" data-e-type=\"column\">\n\t\t\t<div class=\"elementor-widget-wrap\">\n\t\t\t\t\t\t\t<\/div>\n\t\t<\/div>\n\t\t\t\t\t<\/div>\n\t\t<\/section>\n\t\t\t\t<\/div>\n\t\t","protected":false},"excerpt":{"rendered":"<p>Marie-Therese M\u00e4der Kultur-und Religionswissenschaftlerin, Medienethikerin In vielf\u00e4ltiger Weise setze ich mich mit den Bereichen Wissenschaft, Kultur, Medien und Politik auseinander. Ich lehre, forsche und trete \u00f6ffentlich auf. Mit meinen Projekten bringe ich mich sowohl in wissenschaftlich wie auch gesellschaftlich relevante Diskussionen ein. 2022 gewann ich eine Marie Sk\u0142odowska Curie Fellowship (EU Horizon 2020, 24 Monate) [&hellip;]<\/p>\n","protected":false},"author":1,"featured_media":0,"parent":0,"menu_order":0,"comment_status":"closed","ping_status":"closed","template":"elementor_header_footer","meta":{"footnotes":""},"class_list":["post-15","page","type-page","status-publish","hentry"],"yoast_head":"<!-- This site is optimized with the Yoast SEO plugin v26.7 - https:\/\/yoast.com\/wordpress\/plugins\/seo\/ -->\n<title>Marie-Therese M\u00e4der - mtm<\/title>\n<meta name=\"description\" content=\"Home\" \/>\n<meta name=\"robots\" content=\"index, follow, max-snippet:-1, max-image-preview:large, max-video-preview:-1\" \/>\n<link rel=\"canonical\" href=\"https:\/\/marie-theresemaeder.com\/en\/\" \/>\n<meta property=\"og:locale\" content=\"en_GB\" \/>\n<meta property=\"og:type\" content=\"article\" \/>\n<meta property=\"og:title\" content=\"Marie-Therese M\u00e4der - mtm\" \/>\n<meta property=\"og:description\" content=\"Home\" \/>\n<meta property=\"og:url\" content=\"https:\/\/marie-theresemaeder.com\/en\/\" \/>\n<meta property=\"og:site_name\" content=\"mtm\" \/>\n<meta property=\"article:modified_time\" content=\"2026-03-05T10:31:53+00:00\" \/>\n<meta property=\"og:image\" content=\"https:\/\/marie-theresemaeder.com\/wp-content\/uploads\/2021\/12\/IMG_1899-1-scaled.jpeg\" \/>\n<meta name=\"twitter:card\" content=\"summary_large_image\" \/>\n<meta name=\"twitter:label1\" content=\"Estimated reading time\" \/>\n\t<meta name=\"twitter:data1\" content=\"8 minutes\" \/>\n<script type=\"application\/ld+json\" class=\"yoast-schema-graph\">{\"@context\":\"https:\/\/schema.org\",\"@graph\":[{\"@type\":\"WebPage\",\"@id\":\"https:\/\/marie-theresemaeder.com\/\",\"url\":\"https:\/\/marie-theresemaeder.com\/\",\"name\":\"Marie-Therese M\u00e4der - mtm\",\"isPartOf\":{\"@id\":\"https:\/\/marie-theresemaeder.com\/#website\"},\"primaryImageOfPage\":{\"@id\":\"https:\/\/marie-theresemaeder.com\/#primaryimage\"},\"image\":{\"@id\":\"https:\/\/marie-theresemaeder.com\/#primaryimage\"},\"thumbnailUrl\":\"https:\/\/marie-theresemaeder.com\/wp-content\/uploads\/2021\/12\/IMG_1899-1-scaled.jpeg\",\"datePublished\":\"2021-11-30T13:28:26+00:00\",\"dateModified\":\"2026-03-05T10:31:53+00:00\",\"description\":\"Home\",\"breadcrumb\":{\"@id\":\"https:\/\/marie-theresemaeder.com\/#breadcrumb\"},\"inLanguage\":\"en-GB\",\"potentialAction\":[{\"@type\":\"ReadAction\",\"target\":[\"https:\/\/marie-theresemaeder.com\/\"]}]},{\"@type\":\"ImageObject\",\"inLanguage\":\"en-GB\",\"@id\":\"https:\/\/marie-theresemaeder.com\/#primaryimage\",\"url\":\"https:\/\/marie-theresemaeder.com\/wp-content\/uploads\/2021\/12\/IMG_1899-1-scaled.jpeg\",\"contentUrl\":\"https:\/\/marie-theresemaeder.com\/wp-content\/uploads\/2021\/12\/IMG_1899-1-scaled.jpeg\"},{\"@type\":\"BreadcrumbList\",\"@id\":\"https:\/\/marie-theresemaeder.com\/#breadcrumb\",\"itemListElement\":[{\"@type\":\"ListItem\",\"position\":1,\"name\":\"Startseite\",\"item\":\"https:\/\/marie-theresemaeder.com\/\"},{\"@type\":\"ListItem\",\"position\":2,\"name\":\"Marie-Therese M\u00e4der\"}]},{\"@type\":\"WebSite\",\"@id\":\"https:\/\/marie-theresemaeder.com\/#website\",\"url\":\"https:\/\/marie-theresemaeder.com\/\",\"name\":\"mtm\",\"description\":\"\",\"publisher\":{\"@id\":\"https:\/\/marie-theresemaeder.com\/#organization\"},\"potentialAction\":[{\"@type\":\"SearchAction\",\"target\":{\"@type\":\"EntryPoint\",\"urlTemplate\":\"https:\/\/marie-theresemaeder.com\/?s={search_term_string}\"},\"query-input\":{\"@type\":\"PropertyValueSpecification\",\"valueRequired\":true,\"valueName\":\"search_term_string\"}}],\"inLanguage\":\"en-GB\"},{\"@type\":\"Organization\",\"@id\":\"https:\/\/marie-theresemaeder.com\/#organization\",\"name\":\"mtm\",\"url\":\"https:\/\/marie-theresemaeder.com\/\",\"logo\":{\"@type\":\"ImageObject\",\"inLanguage\":\"en-GB\",\"@id\":\"https:\/\/marie-theresemaeder.com\/#\/schema\/logo\/image\/\",\"url\":\"https:\/\/marie-theresemaeder.com\/wp-content\/uploads\/2021\/12\/mtm-logo-2-e1765542868459.png\",\"contentUrl\":\"https:\/\/marie-theresemaeder.com\/wp-content\/uploads\/2021\/12\/mtm-logo-2-e1765542868459.png\",\"width\":200,\"height\":75,\"caption\":\"mtm\"},\"image\":{\"@id\":\"https:\/\/marie-theresemaeder.com\/#\/schema\/logo\/image\/\"}}]}<\/script>\n<!-- \/ Yoast SEO plugin. -->","yoast_head_json":{"title":"Marie-Therese M\u00e4der - mtm","description":"Home","robots":{"index":"index","follow":"follow","max-snippet":"max-snippet:-1","max-image-preview":"max-image-preview:large","max-video-preview":"max-video-preview:-1"},"canonical":"https:\/\/marie-theresemaeder.com\/en\/","og_locale":"en_GB","og_type":"article","og_title":"Marie-Therese M\u00e4der - mtm","og_description":"Home","og_url":"https:\/\/marie-theresemaeder.com\/en\/","og_site_name":"mtm","article_modified_time":"2026-03-05T10:31:53+00:00","og_image":[{"url":"https:\/\/marie-theresemaeder.com\/wp-content\/uploads\/2021\/12\/IMG_1899-1-scaled.jpeg","type":"","width":"","height":""}],"twitter_card":"summary_large_image","twitter_misc":{"Estimated reading time":"8 minutes"},"schema":{"@context":"https:\/\/schema.org","@graph":[{"@type":"WebPage","@id":"https:\/\/marie-theresemaeder.com\/","url":"https:\/\/marie-theresemaeder.com\/","name":"Marie-Therese M\u00e4der - mtm","isPartOf":{"@id":"https:\/\/marie-theresemaeder.com\/#website"},"primaryImageOfPage":{"@id":"https:\/\/marie-theresemaeder.com\/#primaryimage"},"image":{"@id":"https:\/\/marie-theresemaeder.com\/#primaryimage"},"thumbnailUrl":"https:\/\/marie-theresemaeder.com\/wp-content\/uploads\/2021\/12\/IMG_1899-1-scaled.jpeg","datePublished":"2021-11-30T13:28:26+00:00","dateModified":"2026-03-05T10:31:53+00:00","description":"Home","breadcrumb":{"@id":"https:\/\/marie-theresemaeder.com\/#breadcrumb"},"inLanguage":"en-GB","potentialAction":[{"@type":"ReadAction","target":["https:\/\/marie-theresemaeder.com\/"]}]},{"@type":"ImageObject","inLanguage":"en-GB","@id":"https:\/\/marie-theresemaeder.com\/#primaryimage","url":"https:\/\/marie-theresemaeder.com\/wp-content\/uploads\/2021\/12\/IMG_1899-1-scaled.jpeg","contentUrl":"https:\/\/marie-theresemaeder.com\/wp-content\/uploads\/2021\/12\/IMG_1899-1-scaled.jpeg"},{"@type":"BreadcrumbList","@id":"https:\/\/marie-theresemaeder.com\/#breadcrumb","itemListElement":[{"@type":"ListItem","position":1,"name":"Startseite","item":"https:\/\/marie-theresemaeder.com\/"},{"@type":"ListItem","position":2,"name":"Marie-Therese M\u00e4der"}]},{"@type":"WebSite","@id":"https:\/\/marie-theresemaeder.com\/#website","url":"https:\/\/marie-theresemaeder.com\/","name":"mtm","description":"","publisher":{"@id":"https:\/\/marie-theresemaeder.com\/#organization"},"potentialAction":[{"@type":"SearchAction","target":{"@type":"EntryPoint","urlTemplate":"https:\/\/marie-theresemaeder.com\/?s={search_term_string}"},"query-input":{"@type":"PropertyValueSpecification","valueRequired":true,"valueName":"search_term_string"}}],"inLanguage":"en-GB"},{"@type":"Organization","@id":"https:\/\/marie-theresemaeder.com\/#organization","name":"mtm","url":"https:\/\/marie-theresemaeder.com\/","logo":{"@type":"ImageObject","inLanguage":"en-GB","@id":"https:\/\/marie-theresemaeder.com\/#\/schema\/logo\/image\/","url":"https:\/\/marie-theresemaeder.com\/wp-content\/uploads\/2021\/12\/mtm-logo-2-e1765542868459.png","contentUrl":"https:\/\/marie-theresemaeder.com\/wp-content\/uploads\/2021\/12\/mtm-logo-2-e1765542868459.png","width":200,"height":75,"caption":"mtm"},"image":{"@id":"https:\/\/marie-theresemaeder.com\/#\/schema\/logo\/image\/"}}]}},"_links":{"self":[{"href":"https:\/\/marie-theresemaeder.com\/en\/wp-json\/wp\/v2\/pages\/15","targetHints":{"allow":["GET"]}}],"collection":[{"href":"https:\/\/marie-theresemaeder.com\/en\/wp-json\/wp\/v2\/pages"}],"about":[{"href":"https:\/\/marie-theresemaeder.com\/en\/wp-json\/wp\/v2\/types\/page"}],"author":[{"embeddable":true,"href":"https:\/\/marie-theresemaeder.com\/en\/wp-json\/wp\/v2\/users\/1"}],"replies":[{"embeddable":true,"href":"https:\/\/marie-theresemaeder.com\/en\/wp-json\/wp\/v2\/comments?post=15"}],"version-history":[{"count":314,"href":"https:\/\/marie-theresemaeder.com\/en\/wp-json\/wp\/v2\/pages\/15\/revisions"}],"predecessor-version":[{"id":1177,"href":"https:\/\/marie-theresemaeder.com\/en\/wp-json\/wp\/v2\/pages\/15\/revisions\/1177"}],"wp:attachment":[{"href":"https:\/\/marie-theresemaeder.com\/en\/wp-json\/wp\/v2\/media?parent=15"}],"curies":[{"name":"wp","href":"https:\/\/api.w.org\/{rel}","templated":true}]}}